{"id":926,"date":"2022-04-21T14:19:05","date_gmt":"2022-04-21T17:19:05","guid":{"rendered":"https:\/\/scmachado.com.br\/?page_id=926"},"modified":"2022-04-30T12:12:45","modified_gmt":"2022-04-30T15:12:45","slug":"provedores","status":"publish","type":"page","link":"https:\/\/scmachado.com.br\/?page_id=926","title":{"rendered":"Provedores"},"content":{"rendered":"<p>[et_pb_section fb_built=&#8221;1&#8243; admin_label=&#8221;Hero&#8221; _builder_version=&#8221;3.22&#8243; custom_padding=&#8221;0|0px|11px|0px|false|false&#8221; bottom_divider_height=&#8221;0px&#8221; border_width_bottom=&#8221;1px&#8221; border_color_bottom=&#8221;#efefef&#8221;][et_pb_row column_structure=&#8221;1_2,1_2&#8243; _builder_version=&#8221;3.25&#8243; width=&#8221;100%&#8221; max_width=&#8221;100%&#8221; custom_margin=&#8221;|||&#8221; custom_margin_tablet=&#8221;||0px|&#8221; custom_margin_phone=&#8221;&#8221; custom_margin_last_edited=&#8221;on|desktop&#8221; custom_padding=&#8221;0|0px|0px|0px|false|false&#8221; use_custom_width=&#8221;on&#8221; width_unit=&#8221;off&#8221; custom_width_percent=&#8221;100%&#8221;][et_pb_column type=&#8221;1_2&#8243; _builder_version=&#8221;3.25&#8243; custom_padding=&#8221;6%||6%|12%&#8221; custom_padding_tablet=&#8221;50px|50px|50px|50px&#8221; custom_padding_phone=&#8221;&#8221; custom_padding_last_edited=&#8221;on|tablet&#8221; padding_tablet=&#8221;50px|50px|50px|50px&#8221; padding_last_edited=&#8221;on|tablet&#8221; custom_padding__hover=&#8221;|||&#8221;][et_pb_image src=&#8221;http:\/\/scmachado.com.br\/wp-content\/uploads\/2021\/11\/health-icon-hospital.png&#8221; title_text=&#8221;health-icon-hospital&#8221; disabled_on=&#8221;on|on|off&#8221; _builder_version=&#8221;4.9.0&#8243; always_center_on_mobile=&#8221;off&#8221;][\/et_pb_image][et_pb_text _builder_version=&#8221;4.9.0&#8243; text_font=&#8221;Montserrat|300|||||||&#8221; text_text_color=&#8221;#677a92&#8243; text_font_size=&#8221;16px&#8221; text_line_height=&#8221;1.8em&#8221; header_font=&#8221;Montserrat||||||||&#8221; header_font_size=&#8221;50px&#8221; header_line_height=&#8221;1.3em&#8221; header_2_font=&#8221;||||||||&#8221; max_width=&#8221;600px&#8221; custom_margin=&#8221;|||&#8221; custom_margin_tablet=&#8221;0px|50px||50px&#8221; custom_margin_phone=&#8221;|20px||&#8221; custom_margin_last_edited=&#8221;off|desktop&#8221; custom_padding=&#8221;|||&#8221; text_line_height_tablet=&#8221;1.8em&#8221; text_line_height_phone=&#8221;1.8em&#8221; text_line_height_last_edited=&#8221;on|phone&#8221; header_font_size_tablet=&#8221;&#8221; header_font_size_phone=&#8221;36px&#8221; header_font_size_last_edited=&#8221;on|phone&#8221; header_2_font_size_phone=&#8221;30px&#8221; header_2_font_size_last_edited=&#8221;off|desktop&#8221; locked=&#8221;off&#8221;]<\/p>\n<h1>Provedores<\/h1>\n<p>[\/et_pb_text][et_pb_divider color=&#8221;#114c32&#8243; _builder_version=&#8221;4.9.0&#8243; _module_preset=&#8221;default&#8221;][\/et_pb_divider][et_pb_text _builder_version=&#8221;4.9.0&#8243; text_font=&#8221;Montserrat|300|||||||&#8221; text_font_size=&#8221;16px&#8221; text_line_height=&#8221;2em&#8221; link_font=&#8221;||||||||&#8221; ul_font=&#8221;||||||||&#8221; ol_font=&#8221;||||||||&#8221; quote_font=&#8221;||||||||&#8221; header_font=&#8221;||||||||&#8221; header_line_height=&#8221;1.3em&#8221; header_2_font=&#8221;Montserrat|300|||||||&#8221; header_2_text_color=&#8221;#212d3b&#8221; header_2_font_size=&#8221;40px&#8221; header_2_line_height=&#8221;1.5em&#8221; max_width=&#8221;600px&#8221; custom_margin=&#8221;|||&#8221; custom_margin_tablet=&#8221;0px|50px||50px&#8221; custom_margin_last_edited=&#8221;off|desktop&#8221; custom_padding=&#8221;|||&#8221; header_font_size_tablet=&#8221;&#8221; header_font_size_phone=&#8221;20px&#8221; header_font_size_last_edited=&#8221;on|phone&#8221; locked=&#8221;off&#8221;]<\/p>\n<h1>Listagem nominal dos Provedores da Santa Casa de Caridade &#8211; Machado<\/h1>\n<p>[\/et_pb_text][et_pb_text _builder_version=&#8221;4.9.0&#8243; text_font=&#8221;Montserrat|300|||||||&#8221; text_font_size=&#8221;18px&#8221; text_line_height=&#8221;2em&#8221; link_font=&#8221;||||||||&#8221; ul_font=&#8221;||||||||&#8221; ol_font=&#8221;||||||||&#8221; quote_font=&#8221;||||||||&#8221; header_font=&#8221;||||||||&#8221; header_2_font=&#8221;Montserrat|300|||||||&#8221; header_2_text_color=&#8221;#212d3b&#8221; header_2_font_size=&#8221;40px&#8221; header_2_line_height=&#8221;1.5em&#8221; max_width=&#8221;600px&#8221; custom_margin=&#8221;|||&#8221; custom_margin_tablet=&#8221;0px|50px||50px&#8221; custom_margin_last_edited=&#8221;off|desktop&#8221; custom_padding=&#8221;|||&#8221; locked=&#8221;off&#8221;]<\/p>\n<p style=\"text-align: center;\"><strong>Ano | Provedores<\/strong><\/p>\n<p>[\/et_pb_text][et_pb_text content_tablet=&#8221;&#8221; content_phone=&#8221;&#8221; content_last_edited=&#8221;on|phone&#8221; _builder_version=&#8221;4.9.0&#8243; text_font=&#8221;Montserrat|300|||||||&#8221; text_font_size=&#8221;18px&#8221; text_line_height=&#8221;2em&#8221; link_font=&#8221;||||||||&#8221; ul_font=&#8221;||||||||&#8221; ol_font=&#8221;||||||||&#8221; quote_font=&#8221;||||||||&#8221; header_font=&#8221;||||||||&#8221; header_2_font=&#8221;Montserrat|300|||||||&#8221; header_2_text_color=&#8221;#212d3b&#8221; header_2_font_size=&#8221;40px&#8221; header_2_line_height=&#8221;1.5em&#8221; max_width=&#8221;600px&#8221; custom_margin=&#8221;|||&#8221; custom_margin_tablet=&#8221;0px|50px||50px&#8221; custom_margin_last_edited=&#8221;off|desktop&#8221; custom_padding=&#8221;|||&#8221; hover_enabled=&#8221;0&#8243; text_font_size_tablet=&#8221;&#8221; text_font_size_phone=&#8221;12px&#8221; text_font_size_last_edited=&#8221;on|phone&#8221; locked=&#8221;off&#8221; sticky_enabled=&#8221;0&#8243;]<\/p>\n<p style=\"text-align: center;\">07\/03\/1915 a 18\/07\/1920 | <strong>Dr.Antonio C\u00e2ndido Teixeira<\/strong><br \/> 18\/07\/1920 a 07\/09\/1924 | <strong>Padre Achilles E. Tritomans<\/strong><br \/> 07\/09\/1924 a 05\/07\/1925 |<strong> Feliciano Vieira da Silva<\/strong><br \/> 05\/07\/1925 a 10\/07\/1927 | <strong>Francisco Elysio Ferreira Braga<\/strong><br \/> 10\/07\/1927 a 14\/07\/1929 | <strong>Jo\u00e3o Vieira da Silva<\/strong><br \/> 28\/07\/1929 a 20\/07\/1930 | <strong>Jo\u00e3o Ant\u00f4nio da Costa<\/strong><br \/> 20\/07\/1930 a 26\/07\/1931 | <strong>Jos\u00e9 Andr\u00e9 da Cunha<\/strong><br \/> 20\/07\/1931 a 26\/07\/1932 | <strong>Jos\u00e9 Andr\u00e9 da Cunha<\/strong><br \/> 20\/07\/1932 a 30\/07\/1933 | J<strong>os\u00e9 Andr\u00e9 da Cunha<\/strong><br \/> 30\/07\/1933 a 25\/07\/1934 | <strong>Padre Marino Power<\/strong><br \/> 30\/08\/1936 a 30\/07 1938 | <strong>Jos\u00e9 Andr\u00e9 da cunha<\/strong><br \/> 30\/07\/1938 a 06\/08\/1939 |<strong> H\u00e9rcules Prescildo Nannetti<\/strong><br \/> 06\/08\/1939 a 14\/07\/1940 | <strong>Padre Jo\u00e3o Schumin<\/strong><br \/> 14\/07\/1940 a 30\/01\/1944 | <strong>Dr. Feliciano Vieira da Silva<\/strong><br \/> 30\/01\/1944 a 28\/12\/1947 | <strong>Jo\u00e3o Vieira da Silva \u2013Prefeito<\/strong><br \/> 28\/12\/1947 a 28\/01\/1951 | <strong>Euclydes de Souza Dias<\/strong><br \/> 28\/01\/1951 a 01\/01\/1954 | <strong>Euclydes de Souza Dias &#8211; renunciou em 01\/08\/1953 continuou at\u00e9 01\/01\/ 1954<\/strong><br \/> 01\/01\/1954 a 23\/12\/1955 | <strong>Jo\u00e3o Vieira da Silva<br \/> <\/strong>23\/12\/1955 a 27\/01\/1957 | <strong>Jo\u00e3o Vieira da Silva<\/strong><br \/> 27\/01\/1957 a 14\/08\/1960 | <strong>H\u00e9rcio Swerts Dias \u2013 Renunciou, embora j\u00e1 tivesse vencido o prazo de sua sa\u00edda.<\/strong><br \/> 14\/08\/1960 a 31\/01\/1963 | <strong>Dr. L\u00facio Dias Vieira<\/strong><br \/> 31\/01\/1963 a 01\/03\/1966 | <strong>Dr. L\u00facio Dias Vieira<\/strong><br \/> 01\/03\/1966 a 28\/03\/1968 | <strong>Dr. Carlos Alberto de Almeida<\/strong><br \/> 28\/03\/1968 a 30\/03\/1970 | <strong>Dr. Hilton Lu\u00eds Moreira Dias<\/strong><br \/> 30\/03\/1970 a 18\/04\/1972 | <strong>Dr. Jorge Eduardo Vieira de Oliveira<\/strong><br \/> 18\/04\/1972 a 06\/01\/ 1974 | <strong>Dr. Lucio Dias Vieira<\/strong><br \/> 06\/01\/ 1974 a 11\/01\/1976 | <strong>Dr. Jo\u00e3o Em\u00eddio<\/strong><br \/> 11\/01\/1976 a 18\/10\/1978 | <strong>Dr. Carlos Alberto de Almeida<\/strong><br \/> 18\/10\/1978 a 05\/03\/1980 | <strong>Dr. Hilton Lu\u00eds Moreira Dias<\/strong><br \/> 05\/03\/1980 a 26\/03\/1982 | <strong>Dr. Jorge Eduardo Vieira de Oliveira<\/strong><br \/> 26\/03\/1982 a 16\/04\/1984 | <strong>Dr. Lucio Dias Vieira<\/strong><br \/> 16\/04\/1984 a 12\/03\/1985 |<strong> Dr. Nylton Sebastiao Neves &#8211; Renunciou<\/strong><br \/> 12\/03\/1985 a 28\/04\/1986 | <strong>Dr. Wolney de Ara\u00fajo Dias J\u00fanior<\/strong><br \/> 28\/04\/1986 a 19\/04\/1988 | <strong>Dr. Am\u00e9rico Nannetti J\u00fanior<\/strong><br \/> 19\/04\/1988 a 23\/04\/1990 | <strong>Dr. Am\u00e9rico Nannetti J\u00fanior<\/strong><br \/> 23\/04\/1990 a 26\/03\/1992 | <strong>Dr. Lucio Dias Vieira J\u00fanior<\/strong><br \/> 26\/03\/1992 a 29\/03\/1993 | <strong>Dr. Claudio de Lima Alves<\/strong><br \/> 29\/03\/1993 a 24\/04\/1994 | <strong>Geraldo Generoso Aguiar<\/strong><br \/> 24\/04\/1994 a 19\/03\/1996 | <strong>Geraldo Generoso Aguiar<\/strong><br \/> 19\/03\/1996 a 30\/03\/1998 | <strong>Dr. Lucio Dias Vieira J\u00fanior<\/strong><br \/> 30\/03\/1998 a 27\/03\/2000 | <strong>Dr. Ciro Caixeta Franco<\/strong><br \/> 27\/03\/2000 a 25\/03\/2002 |<strong> Dr. Ciro Caixeta Franco<\/strong><br \/> 25\/03\/2002 a 30\/03\/2004 | <strong>Dr. Lucio Dias Vieira J\u00fanior<\/strong><br \/> 30\/03\/2004 a 30\/03\/2006 | <strong>Dr. Lucio Dias Vieira J\u00fanior<\/strong><br \/> 30\/03\/2006 a 29\/06\/2006 |<strong> Dr. Lucio Dias Vieira J\u00fanior -prorroga\u00e7\u00e3o de mandato<\/strong><br \/> 29\/06\/2006 a 28\/12\/2006 | <strong>Denair Lacerda<\/strong><br \/> 28\/12\/2006 a 30\/03\/2008 | <strong>Denair Lacerda<\/strong><br \/> 30\/03\/2008 a 11\/03\/2009 | <strong>Jos\u00e9 Carlos Diniz<\/strong><br \/> 11\/03\/2009 a 29\/03\/2010 | <strong>Lusimar Ferri Vasconcelos<\/strong><br \/> 29\/03\/2010 a 28\/03\/2012 | <strong>Lusimar Ferri Vasconcelos<\/strong><br \/> 14\/04\/2012 a 07\/03\/2013 | <strong>Dr. L\u00facio Vieira J\u00fanior<\/strong><br \/> 07\/03\/2013 a 22\/08\/2013 | <strong>F\u00e1bio Signoretti Tavares<\/strong><br \/> 22\/08\/2013 a 26\/03\/2014 |<strong> Waldemir Pimentel Mendes<\/strong><br \/> 26\/03\/2014 a 20\/04\/2016 | <strong>Waldemir Pimentel Mendes<\/strong><br \/> 20\/04\/2016 a 03\/10\/2017 | <strong>Waldemir Pimentel Mendes &#8211; renunciou<\/strong><br \/> 03\/10\/2017 a 10\/04\/2018 | <strong>Lusimar Ferri Vasconcelos<\/strong><br \/> 10\/04\/2018 a 16\/05\/2019 | <strong>Dr. Paulo Cilas Ribeiro -renunciou<\/strong><br \/> 16\/05\/2019 a 23\/09\/2021 | <strong>Lusimar Ferri Vasconcelos<\/strong><\/p>\n<p>[\/et_pb_text][et_pb_divider _builder_version=&#8221;4.9.0&#8243; _module_preset=&#8221;default&#8221;][\/et_pb_divider][\/et_pb_column][et_pb_column type=&#8221;1_2&#8243; _builder_version=&#8221;3.25&#8243; custom_padding=&#8221;|||&#8221; custom_padding__hover=&#8221;|||&#8221;][et_pb_image src=&#8221;http:\/\/scmachado.com.br\/wp-content\/uploads\/2021\/11\/doctor-17.jpg&#8221; title_text=&#8221;doctor-17&#8243; force_fullwidth=&#8221;on&#8221; align_tablet=&#8221;center&#8221; align_phone=&#8221;&#8221; align_last_edited=&#8221;on|desktop&#8221; _builder_version=&#8221;4.9.0&#8243; custom_margin=&#8221;|||&#8221; custom_padding=&#8221;|||&#8221; border_radii=&#8221;|24vw|||24vw&#8221; border_color_all=&#8221;#18553b&#8221; border_width_left=&#8221;2vw&#8221; box_shadow_style=&#8221;preset4&#8243; box_shadow_horizontal=&#8221;-30px&#8221; box_shadow_spread=&#8221;-10px&#8221; box_shadow_color=&#8221;#933536&#8243;][\/et_pb_image][\/et_pb_column][\/et_pb_row][\/et_pb_section][et_pb_section fb_built=&#8221;1&#8243; prev_background_color=&#8221;#ffffff&#8221; admin_label=&#8221;Footer&#8221; _builder_version=&#8221;4.9.0&#8243; background_color=&#8221;rgba(81,193,156,0.61)&#8221; custom_padding=&#8221;120px||24px||false|false&#8221; top_divider_style=&#8221;ramp2&#8243; top_divider_height=&#8221;117px&#8221; top_divider_flip=&#8221;horizontal|vertical&#8221; bottom_divider_style=&#8221;clouds2&#8243; bottom_divider_color=&#8221;rgba(255,255,255,0.08)&#8221; bottom_divider_height=&#8221;600px&#8221; bottom_divider_flip=&#8221;vertical&#8221; global_module=&#8221;749&#8243;][et_pb_row _builder_version=&#8221;3.25&#8243;][et_pb_column type=&#8221;4_4&#8243; _builder_version=&#8221;3.25&#8243; custom_padding=&#8221;|||&#8221; custom_padding__hover=&#8221;|||&#8221;][et_pb_image src=&#8221;http:\/\/scmachado.com.br\/wp-content\/uploads\/2021\/11\/simbolo.png&#8221; title_text=&#8221;simbolo&#8221; align=&#8221;center&#8221; _builder_version=&#8221;4.9.0&#8243; _module_preset=&#8221;default&#8221;][\/et_pb_image][et_pb_text _builder_version=&#8221;4.9.0&#8243; text_font=&#8221;Montserrat||||||||&#8221; header_font=&#8221;||||||||&#8221; header_2_font=&#8221;Montserrat|300|||||||&#8221; header_2_text_align=&#8221;center&#8221; header_2_font_size=&#8221;50px&#8221; header_2_line_height=&#8221;1.4em&#8221; text_orientation=&#8221;center&#8221; header_2_font_size_tablet=&#8221;&#8221; header_2_font_size_phone=&#8221;30px&#8221; header_2_font_size_last_edited=&#8221;on|phone&#8221; header_2_line_height_tablet=&#8221;1.4em&#8221; header_2_line_height_phone=&#8221;&#8221; header_2_line_height_last_edited=&#8221;on|desktop&#8221;]<\/p>\n<h2>Santa Casa de Caridade &#8211; Machado MG<br \/> Respeito por sua sa\u00fade<\/h2>\n<p>[\/et_pb_text][\/et_pb_column][\/et_pb_row][et_pb_row column_structure=&#8221;1_3,1_3,1_3&#8243; admin_label=&#8221;Content Area&#8221; _builder_version=&#8221;3.25&#8243;][et_pb_column type=&#8221;1_3&#8243; _builder_version=&#8221;3.25&#8243; custom_padding=&#8221;|||&#8221; custom_padding__hover=&#8221;|||&#8221;][et_pb_blurb title=&#8221;Telefones:&#8221; use_icon=&#8221;on&#8221; font_icon=&#8221;%%264%%&#8221; icon_color=&#8221;#933536&#8243; use_circle=&#8221;on&#8221; circle_color=&#8221;#ffffff&#8221; icon_placement=&#8221;left&#8221; use_icon_font_size=&#8221;on&#8221; icon_font_size=&#8221;16px&#8221; _builder_version=&#8221;4.9.0&#8243; header_font=&#8221;Montserrat||||||||&#8221; header_text_color=&#8221;#ffffff&#8221; header_font_size=&#8221;17px&#8221; header_line_height=&#8221;1.7em&#8221; body_font_size=&#8221;17px&#8221; background_layout=&#8221;dark&#8221; custom_margin=&#8221;||5px|||&#8221; custom_padding=&#8221;19px|||||&#8221;]<\/p>\n<p>(35) 3295-1056 | (35) 3295-1055 |<br \/>(35) 3295-1702 | (35) 32965-6346<\/p>\n<p>[\/et_pb_blurb][\/et_pb_column][et_pb_column type=&#8221;1_3&#8243; _builder_version=&#8221;3.25&#8243; custom_padding=&#8221;|||&#8221; custom_padding__hover=&#8221;|||&#8221;][et_pb_blurb title=&#8221;ouvidoria@scmachado.com.br&#8221; use_icon=&#8221;on&#8221; font_icon=&#8221;%%238%%&#8221; icon_color=&#8221;#933536&#8243; use_circle=&#8221;on&#8221; circle_color=&#8221;#ffffff&#8221; icon_placement=&#8221;left&#8221; use_icon_font_size=&#8221;on&#8221; icon_font_size=&#8221;16px&#8221; _builder_version=&#8221;4.9.0&#8243; header_font=&#8221;Montserrat||||||||&#8221; header_text_color=&#8221;#ffffff&#8221; header_font_size=&#8221;17px&#8221; header_line_height=&#8221;1.7em&#8221; min_height=&#8221;37.8px&#8221; custom_margin=&#8221;17px||17px|||&#8221; locked=&#8221;off&#8221;][\/et_pb_blurb][\/et_pb_column][et_pb_column type=&#8221;1_3&#8243; _builder_version=&#8221;3.25&#8243; custom_padding=&#8221;|||&#8221; custom_padding__hover=&#8221;|||&#8221;][et_pb_blurb title=&#8221; Rua Bar\u00e3o do Rio Branco 330 | Machado -MG&#8221; use_icon=&#8221;on&#8221; font_icon=&#8221;%%249%%&#8221; icon_color=&#8221;#933536&#8243; use_circle=&#8221;on&#8221; circle_color=&#8221;#ffffff&#8221; icon_placement=&#8221;left&#8221; use_icon_font_size=&#8221;on&#8221; icon_font_size=&#8221;16px&#8221; _builder_version=&#8221;4.9.0&#8243; header_font=&#8221;Montserrat||||||||&#8221; header_text_color=&#8221;#ffffff&#8221; header_font_size=&#8221;17px&#8221; header_line_height=&#8221;1.7em&#8221; custom_margin=&#8221;9px|||||&#8221; locked=&#8221;off&#8221;][\/et_pb_blurb][\/et_pb_column][\/et_pb_row][et_pb_row _builder_version=&#8221;4.9.0&#8243; _module_preset=&#8221;default&#8221;][et_pb_column type=&#8221;4_4&#8243; _builder_version=&#8221;4.9.0&#8243; _module_preset=&#8221;default&#8221;][et_pb_divider _builder_version=&#8221;4.9.0&#8243; _module_preset=&#8221;default&#8221;][\/et_pb_divider][et_pb_social_media_follow use_icon_font_size=&#8221;on&#8221; icon_font_size=&#8221;30px&#8221; _builder_version=&#8221;4.9.0&#8243; _module_preset=&#8221;default&#8221; text_orientation=&#8221;center&#8221;][et_pb_social_media_follow_network social_network=&#8221;facebook&#8221; url=&#8221;https:\/\/www.facebook.com\/Santa-Casa-de-Caridade-de-Machado-893092070812420\/&#8221; _builder_version=&#8221;4.9.0&#8243; _module_preset=&#8221;default&#8221; background_color=&#8221;#3b5998&#8243; follow_button=&#8221;off&#8221; url_new_window=&#8221;on&#8221;]facebook[\/et_pb_social_media_follow_network][\/et_pb_social_media_follow][\/et_pb_column][\/et_pb_row][\/et_pb_section]<\/p>\n","protected":false},"excerpt":{"rendered":"<p>[et_pb_section fb_built=&#8221;1&#8243; admin_label=&#8221;Hero&#8221; _builder_version=&#8221;3.22&#8243; custom_padding=&#8221;0|0px|11px|0px|false|false&#8221; bottom_divider_height=&#8221;0px&#8221; border_width_bottom=&#8221;1px&#8221; border_color_bottom=&#8221;#efefef&#8221;][et_pb_row column_structure=&#8221;1_2,1_2&#8243; _builder_version=&#8221;3.25&#8243; width=&#8221;100%&#8221; max_width=&#8221;100%&#8221; custom_margin=&#8221;|||&#8221; custom_margin_tablet=&#8221;||0px|&#8221; custom_margin_phone=&#8221;&#8221; custom_margin_last_edited=&#8221;on|desktop&#8221; custom_padding=&#8221;0|0px|0px|0px|false|false&#8221; use_custom_width=&#8221;on&#8221; width_unit=&#8221;off&#8221; custom_width_percent=&#8221;100%&#8221;][et_pb_column type=&#8221;1_2&#8243; _builder_version=&#8221;3.25&#8243; custom_padding=&#8221;6%||6%|12%&#8221; custom_padding_tablet=&#8221;50px|50px|50px|50px&#8221; custom_padding_phone=&#8221;&#8221; custom_padding_last_edited=&#8221;on|tablet&#8221; padding_tablet=&#8221;50px|50px|50px|50px&#8221; padding_last_edited=&#8221;on|tablet&#8221; custom_padding__hover=&#8221;|||&#8221;][et_pb_image src=&#8221;http:\/\/scmachado.com.br\/wp-content\/uploads\/2021\/11\/health-icon-hospital.png&#8221; title_text=&#8221;health-icon-hospital&#8221; disabled_on=&#8221;on|on|off&#8221; _builder_version=&#8221;4.9.0&#8243; always_center_on_mobile=&#8221;off&#8221;][\/et_pb_image][et_pb_text _builder_version=&#8221;4.9.0&#8243; text_font=&#8221;Montserrat|300|||||||&#8221; text_text_color=&#8221;#677a92&#8243; text_font_size=&#8221;16px&#8221; text_line_height=&#8221;1.8em&#8221; header_font=&#8221;Montserrat||||||||&#8221; header_font_size=&#8221;50px&#8221; header_line_height=&#8221;1.3em&#8221; header_2_font=&#8221;||||||||&#8221; max_width=&#8221;600px&#8221; custom_margin=&#8221;|||&#8221; custom_margin_tablet=&#8221;0px|50px||50px&#8221; custom_margin_phone=&#8221;|20px||&#8221; custom_margin_last_edited=&#8221;off|desktop&#8221; custom_padding=&#8221;|||&#8221; text_line_height_tablet=&#8221;1.8em&#8221; text_line_height_phone=&#8221;1.8em&#8221; text_line_height_last_edited=&#8221;on|phone&#8221; header_font_size_tablet=&#8221;&#8221; header_font_size_phone=&#8221;36px&#8221; header_font_size_last_edited=&#8221;on|phone&#8221; [&hellip;]<\/p>\n","protected":false},"author":1,"featured_media":0,"parent":0,"menu_order":0,"comment_status":"closed","ping_status":"closed","template":"","meta":{"_et_pb_use_builder":"on","_et_pb_old_content":"","_et_gb_content_width":"","footnotes":""},"class_list":["post-926","page","type-page","status-publish","hentry"],"_links":{"self":[{"href":"https:\/\/scmachado.com.br\/index.php?rest_route=\/wp\/v2\/pages\/926","targetHints":{"allow":["GET"]}}],"collection":[{"href":"https:\/\/scmachado.com.br\/index.php?rest_route=\/wp\/v2\/pages"}],"about":[{"href":"https:\/\/scmachado.com.br\/index.php?rest_route=\/wp\/v2\/types\/page"}],"author":[{"embeddable":true,"href":"https:\/\/scmachado.com.br\/index.php?rest_route=\/wp\/v2\/users\/1"}],"replies":[{"embeddable":true,"href":"https:\/\/scmachado.com.br\/index.php?rest_route=%2Fwp%2Fv2%2Fcomments&post=926"}],"version-history":[{"count":8,"href":"https:\/\/scmachado.com.br\/index.php?rest_route=\/wp\/v2\/pages\/926\/revisions"}],"predecessor-version":[{"id":938,"href":"https:\/\/scmachado.com.br\/index.php?rest_route=\/wp\/v2\/pages\/926\/revisions\/938"}],"wp:attachment":[{"href":"https:\/\/scmachado.com.br\/index.php?rest_route=%2Fwp%2Fv2%2Fmedia&parent=926"}],"curies":[{"name":"wp","href":"https:\/\/api.w.org\/{rel}","templated":true}]}}